{"id":472,"date":"2024-11-05T15:24:06","date_gmt":"2024-11-05T14:24:06","guid":{"rendered":"https:\/\/infopark.hu\/aszf\/"},"modified":"2024-11-17T09:15:24","modified_gmt":"2024-11-17T08:15:24","slug":"general-terms-and-conditions","status":"publish","type":"page","link":"https:\/\/infopark.hu\/en\/general-terms-and-conditions\/","title":{"rendered":"General Terms and Conditions"},"content":{"rendered":"<div id=\"pl-472\"  class=\"panel-layout\" ><div id=\"pg-472-0\"  class=\"panel-grid panel-no-style\" ><div id=\"pgc-472-0-0\"  class=\"panel-grid-cell\" ><div id=\"panel-472-0-0-0\" class=\"so-panel widget widget_sow-editor panel-first-child panel-last-child\" data-index=\"0\" ><div\n\t\t\t\n\t\t\tclass=\"so-widget-sow-editor so-widget-sow-editor-base\"\n\t\t\t\n\t\t>\n<div class=\"siteorigin-widget-tinymce textwidget\">\n\t<p>Az <strong>Infopark Budapest<\/strong> ter\u00fclete mag\u00e1nter\u00fclet. A l\u00e1togat\u00f3k behajt\u00e1ssal, bel\u00e9p\u00e9ssel elfogadj\u00e1k a park haszn\u00e1lat\u00e1nak rendj\u00e9t. A park eg\u00e9sz ter\u00fclet\u00e9n kiz\u00e1r\u00f3lag kijel\u00f6lt helyeken lehet parkolni. A tilosban parkol\u00e1s feljogos\u00edtja az \u00fczemeltet\u0151t a g\u00e9pj\u00e1rm\u0171 elsz\u00e1ll\u00edt\u00e1s\u00e1ra, ker\u00e9kbilincs alkalmaz\u00e1s\u00e1ra. A felmer\u00fclt k\u00e1rok \u00e9s k\u00f6lts\u00e9gek megt\u00e9r\u00edt\u00e9s\u00e9ig a g\u00e9pj\u00e1rm\u0171 visszatarthat\u00f3.<\/p>\n<p>A haszn\u00e1lat rendj\u00e9nek r\u00e9szletes szab\u00e1lyai, \u00e1ltal\u00e1nos szerz\u0151d\u00e9si felt\u00e9telei (\u201e\u00c1SZF\u201d) az al\u00e1bbiak:<\/p>\n<p><em>Hat\u00e1lyos 2021. november 1-t\u0151l<\/em><\/p>\n<\/div>\n<\/div><\/div><\/div><\/div><div id=\"pg-472-1\"  class=\"panel-grid panel-no-style\" ><div id=\"pgc-472-1-0\"  class=\"panel-grid-cell\" ><div id=\"panel-472-1-0-0\" class=\"so-panel widget widget_ndm-headings panel-first-child\" data-index=\"1\" ><div\n\t\t\t\n\t\t\tclass=\"so-widget-ndm-headings so-widget-ndm-headings-default-d75171398898-472\"\n\t\t\t\n\t\t><h2 class=\"ndm-heading text-start text-black mb-3\">Fogalmak<\/h2><\/div><\/div><div id=\"panel-472-1-0-1\" class=\"so-panel widget widget_sow-editor panel-last-child\" data-index=\"2\" ><div\n\t\t\t\n\t\t\tclass=\"so-widget-sow-editor so-widget-sow-editor-base\"\n\t\t\t\n\t\t>\n<div class=\"siteorigin-widget-tinymce textwidget\">\n\t<p><strong>1.2. A felek<br \/>\n<\/strong>A L\u00e1togat\u00f3k\/L\u00e1togat\u00f3 \u00e9s az \u00dczemeltet\u0151.<\/p>\n<p><strong>1.3. L\u00e1togat\u00f3k \/ L\u00e1togat\u00f3<br \/>\n<\/strong>Minden az Infopark ter\u00fclet\u00e9re bel\u00e9p\u0151, illetve g\u00e9pj\u00e1rm\u0171vel behajt\u00f3 szem\u00e9ly.<\/p>\n<p><strong>1.4. \u00dczemeltet\u0151<br \/>\n<\/strong>A Park Management Kft. (sz\u00e9khely: 1137 Budapest, Szent Istv\u00e1n park 14. 1. em. 3.; c\u00e9gjegyz\u00e9ksz\u00e1m: 01-09-909553; ad\u00f3sz\u00e1m: 14563074-2-41)<\/p>\n<p><strong>1.5. Az Infopark Ter\u00fclete \/ a Park<br \/>\n<\/strong>A Budapest, XI. ker\u00fclet, 4082\/21. helyrajzi sz\u00e1m, term\u00e9szetben 1117 Budapest, XI. ker\u00fclet, Magyar Nobel-d\u00edjasok \u00fatja 2. sz. alatti ingatlan.<\/p>\n<p><strong>1.6. A szerz\u0151d\u00e9s t\u00e1rgya<br \/>\n<\/strong>Jelen \u00c1SZF-ben meghat\u00e1rozottak szerint ingyenes haszn\u00e1lati szerz\u0151d\u00e9s j\u00f6n l\u00e9tre a L\u00e1togat\u00f3k \u00e9s az \u00dczemeltet\u0151 k\u00f6z\u00f6tt, melyben a L\u00e1togat\u00f3k v\u00e1llalj\u00e1k, hogy betartj\u00e1k a Park haszn\u00e1lati \u00e9s parkol\u00e1si rendj\u00e9t, illetve tudom\u00e1sul veszik a haszn\u00e1lati rend megs\u00e9rt\u00e9s\u00e9nek a k\u00f6vetkezm\u00e9nyeit. Az \u00dczemeltet\u0151 pedig ebben az esetben hozz\u00e1j\u00e1rul a Parkba t\u00f6rt\u00e9n\u0151 bel\u00e9p\u00e9shez, behajt\u00e1shoz, az azon t\u00f6rt\u00e9n\u0151 \u00e1thalad\u00e1shoz, a Park jelen \u00c1SZF-ben foglaltak szerint t\u00f6rt\u00e9n\u0151 haszn\u00e1lat\u00e1hoz, illetve a kijel\u00f6lt helyeken t\u00f6rt\u00e9n\u0151 meg\u00e1ll\u00e1shoz \u00e9s a kijel\u00f6lt parkol\u00f3helyeken t\u00f6rt\u00e9n\u0151 v\u00e1rakoz\u00e1shoz.<\/p>\n<\/div>\n<\/div><\/div><\/div><\/div><div id=\"pg-472-2\"  class=\"panel-grid panel-no-style\" ><div id=\"pgc-472-2-0\"  class=\"panel-grid-cell\" ><div id=\"panel-472-2-0-0\" class=\"so-panel widget widget_ndm-headings panel-first-child\" data-index=\"3\" ><div\n\t\t\t\n\t\t\tclass=\"so-widget-ndm-headings so-widget-ndm-headings-default-d75171398898-472\"\n\t\t\t\n\t\t><h2 class=\"ndm-heading text-start text-black mb-3\">A szerz\u0151d\u00e9s l\u00e9trej\u00f6tte<\/h2><\/div><\/div><div id=\"panel-472-2-0-1\" class=\"so-panel widget widget_sow-editor panel-last-child\" data-index=\"4\" ><div\n\t\t\t\n\t\t\tclass=\"so-widget-sow-editor so-widget-sow-editor-base\"\n\t\t\t\n\t\t>\n<div class=\"siteorigin-widget-tinymce textwidget\">\n\t<p><strong>2.2. R\u00e1utal\u00f3 magatart\u00e1s kifejt\u00e9se<br \/>\n<\/strong>A Szerz\u0151d\u00e9s a Felek k\u00f6z\u00f6tt r\u00e1utal\u00f3 magatart\u00e1ssal j\u00f6n l\u00e9tre az\u00e1ltal, hogy a L\u00e1togat\u00f3 a Park ter\u00fclet\u00e9re bel\u00e9p vagy g\u00e9pj\u00e1rm\u0171v\u00e9vel behajt, \u00e9s ez\u00e1ltal kinyilv\u00e1n\u00edtja azt, hogy elfogadja \u00e9s tudom\u00e1sul veszi a jelen \u00c1SZF-ben foglaltakat.<\/p>\n<p><strong>2.3. Bel\u00e9p\u00e9s \/ behajt\u00e1s kiz\u00e1r\u00f3lag az \u00c1SZF elfogad\u00e1sa eset\u00e9n enged\u00e9lyezett<br \/>\n<\/strong>A L\u00e1togat\u00f3k tudom\u00e1sul veszik, hogy a Park ter\u00fclet\u00e9re kiz\u00e1r\u00f3lag akkor l\u00e9phetnek, illetve hajthatnak be, ha elfogadj\u00e1k \u00e9s tudom\u00e1sul veszik a jelen \u00c1SZF-ben foglaltakat.<\/p>\n<\/div>\n<\/div><\/div><\/div><\/div><div id=\"pg-472-3\"  class=\"panel-grid panel-no-style\" ><div id=\"pgc-472-3-0\"  class=\"panel-grid-cell\" ><div id=\"panel-472-3-0-0\" class=\"so-panel widget widget_ndm-headings panel-first-child\" data-index=\"5\" ><div\n\t\t\t\n\t\t\tclass=\"so-widget-ndm-headings so-widget-ndm-headings-default-d75171398898-472\"\n\t\t\t\n\t\t><h2 class=\"ndm-heading text-start text-black mb-3\">A szerz\u0151d\u00e9s id\u0151tartama<\/h2><\/div><\/div><div id=\"panel-472-3-0-1\" class=\"so-panel widget widget_sow-editor panel-last-child\" data-index=\"6\" ><div\n\t\t\t\n\t\t\tclass=\"so-widget-sow-editor so-widget-sow-editor-base\"\n\t\t\t\n\t\t>\n<div class=\"siteorigin-widget-tinymce textwidget\">\n\t<p>A Szerz\u0151d\u00e9s hat\u00e1rozott id\u0151tartamra, a L\u00e1togat\u00f3nak az Infopark ter\u00fclet\u00e9n t\u00f6rt\u00e9n\u0151 tart\u00f3zkod\u00e1sa idej\u00e9re j\u00f6n l\u00e9tre. Ett\u0151l f\u00fcggetlen\u00fcl azok a rendelkez\u00e9sek, amik a haszn\u00e1lat idej\u00e9t\u0151l f\u00fcggetlen\u00fcl k\u00f6tik a Feleket, a Park elhagy\u00e1s\u00e1t k\u00f6vet\u0151en is fennmaradnak. Ilyennek min\u0151s\u00fclnek k\u00fcl\u00f6n\u00f6sen, de nem kiz\u00e1r\u00f3lagosan a haszn\u00e1lat rendj\u00e9nek megs\u00e9rt\u00e9s\u00e9b\u0151l ered\u0151 ig\u00e9nyek, k\u00f6vetel\u00e9sek, k\u00f6telezetts\u00e9gek, felel\u0151ss\u00e9gi k\u00e9rd\u00e9sek.<\/p>\n<\/div>\n<\/div><\/div><\/div><\/div><div id=\"pg-472-4\"  class=\"panel-grid panel-no-style\" ><div id=\"pgc-472-4-0\"  class=\"panel-grid-cell\" ><div id=\"panel-472-4-0-0\" class=\"so-panel widget widget_ndm-headings panel-first-child\" data-index=\"7\" ><div\n\t\t\t\n\t\t\tclass=\"so-widget-ndm-headings so-widget-ndm-headings-default-d75171398898-472\"\n\t\t\t\n\t\t><h2 class=\"ndm-heading text-start text-black mb-3\">A park haszn\u00e1lat\u00e1nak szab\u00e1lyai<\/h2><\/div><\/div><div id=\"panel-472-4-0-1\" class=\"so-panel widget widget_sow-editor panel-last-child\" data-index=\"8\" ><div\n\t\t\t\n\t\t\tclass=\"so-widget-sow-editor so-widget-sow-editor-base\"\n\t\t\t\n\t\t>\n<div class=\"siteorigin-widget-tinymce textwidget\">\n\t<p><strong>4.1.\u00a0\u00a0\u00a0 \u00c1ltal\u00e1nos haszn\u00e1lati szab\u00e1lyok<br \/>\n<\/strong>A Park teljes ter\u00fclet\u00e9re tilos \u00e1llatot behozni. A Park ter\u00fclet\u00e9n tal\u00e1lhat\u00f3 l\u00e1tv\u00e1nymedence vegyszerez\u00e9s alatt \u00e1ll, abban f\u00fcrdeni, abb\u00f3l vizet fogyasztani tilos \u00e9s vesz\u00e9lyes. A Park ter\u00fclet\u00e9n tal\u00e1lhat\u00f3 d\u00edszt\u00f3ban horg\u00e1szni, f\u00fcrdeni, vagy abba szemetet dobni tilos. A Park ter\u00fclet\u00e9n tilos graffitizni, g\u00f6rdeszk\u00e1zni, g\u00f6rkorcsoly\u00e1zni, egy\u00e9b sport tev\u00e9kenys\u00e9get \u0171zni; piknikezni; enged\u00e9ly n\u00e9lk\u00fcl nyilv\u00e1nos film \u00e9s f\u00e9nyk\u00e9pfelv\u00e9teleket k\u00e9sz\u00edteni; szemetelni; t\u00fczet rakni, gy\u00fajtani, pirotechnikai eszk\u00f6z\u00f6ket haszn\u00e1lni, t\u0171zvesz\u00e9lyes anyagot, folyad\u00e9kot lefejteni, illetve g\u00e9pj\u00e1rm\u0171vet \u00fczemanyaggal felt\u00f6lteni vagy t\u0171zvesz\u00e9llyel j\u00e1r\u00f3 jav\u00edt\u00e1st \u00e9s egy\u00e9b tev\u00e9kenys\u00e9get v\u00e9gezni; nyilv\u00e1nosan zen\u00e9t hallgatni, zajjal j\u00e1r\u00f3 tev\u00e9kenys\u00e9get folytatni, valamint alkoholt fogyasztani. A Park berendez\u00e9s\u00e9ben a L\u00e1togat\u00f3 \u00e1ltal okozott k\u00e1rt halad\u00e9ktalanul be kell jelenteni az \u00dczemeltet\u0151nek.<\/p>\n<\/div>\n<\/div><\/div><\/div><\/div><div id=\"pg-472-5\"  class=\"panel-grid panel-no-style\" ><div id=\"pgc-472-5-0\"  class=\"panel-grid-cell\" ><div id=\"panel-472-5-0-0\" class=\"so-panel widget widget_ndm-headings panel-first-child\" data-index=\"9\" ><div\n\t\t\t\n\t\t\tclass=\"so-widget-ndm-headings so-widget-ndm-headings-default-d75171398898-472\"\n\t\t\t\n\t\t><h2 class=\"ndm-heading text-start text-black mb-3\">K\u00f6zleked\u00e9si szab\u00e1lyok<\/h2><\/div><\/div><div id=\"panel-472-5-0-1\" class=\"so-panel widget widget_sow-editor panel-last-child\" data-index=\"10\" ><div\n\t\t\t\n\t\t\tclass=\"so-widget-sow-editor so-widget-sow-editor-base\"\n\t\t\t\n\t\t>\n<div class=\"siteorigin-widget-tinymce textwidget\">\n\t<p><strong>A Park \u00fatjain a KRESZ szab\u00e1lyai \u00e9rv\u00e9nyesek.<\/strong>\u00a0<strong>A Park ter\u00fclet\u00e9n a megengedett maxim\u00e1lis sebess\u00e9g 20 km\/h<\/strong>. A ker\u00e9kp\u00e1rral val\u00f3 k\u00f6zleked\u00e9sre szint\u00e9n \u00e9rv\u00e9nyesek a KRESZ szab\u00e1lyai, azzal k\u00f6zleked\u00e9si \u00e9s gyalogutakon k\u00edv\u00fcl m\u00e1shol k\u00f6zlekedni tilos. A\u00a0<strong>L\u00e1togat\u00f3 k\u00f6teles pontosan figyelembe venni \u00e9s betartani az elhelyezett k\u00f6zleked\u00e9si jelz\u00e9seket, hat\u00f3s\u00e1gi el\u0151\u00edr\u00e1sokat.\u00a0<\/strong>A Parkban a gyalogosoknak fokozott figyelemmel kell k\u00f6zlekedni\u00fck, k\u00f6r\u00fcltekint\u0151en kell \u00e1thaladniuk a j\u00e1rm\u0171vek k\u00f6zleked\u00e9s\u00e9re fenntartott k\u00f6zleked\u00e9si s\u00e1vokban.<\/p>\n<\/div>\n<\/div><\/div><\/div><\/div><div id=\"pg-472-6\"  class=\"panel-grid panel-no-style\" ><div id=\"pgc-472-6-0\"  class=\"panel-grid-cell\" ><div id=\"panel-472-6-0-0\" class=\"so-panel widget widget_ndm-headings panel-first-child\" data-index=\"11\" ><div\n\t\t\t\n\t\t\tclass=\"so-widget-ndm-headings so-widget-ndm-headings-default-d75171398898-472\"\n\t\t\t\n\t\t><h2 class=\"ndm-heading text-start text-black mb-3\">Parkol\u00e1si szab\u00e1lyok<\/h2><\/div><\/div><div id=\"panel-472-6-0-1\" class=\"so-panel widget widget_sow-editor panel-last-child\" data-index=\"12\" ><div\n\t\t\t\n\t\t\tclass=\"so-widget-sow-editor so-widget-sow-editor-base\"\n\t\t\t\n\t\t>\n<div class=\"siteorigin-widget-tinymce textwidget\">\n\t<p>A Park ter\u00fclet\u00e9n kiz\u00e1r\u00f3lag a kijel\u00f6lt parkol\u00f3helyeken, egyedi, \u00edr\u00e1sbeli meg\u00e1llapod\u00e1s alapj\u00e1n szabad parkolni. Minden m\u00e1s helyen \u2013 k\u00fcl\u00f6n\u00f6sen a t\u0171zolt\u00e1si felvonul\u00e1si ter\u00fcleten\/\u00faton, illetve a v\u00e1rakozni \u00e9s meg\u00e1llni tilos t\u00e1bl\u00e1kkal jel\u00f6lt egy\u00e9b utakon \u2013 tilos meg\u00e1llni, v\u00e1rakozni, illetve parkolni. A ker\u00e9kp\u00e1rok t\u00e1rol\u00e1s\u00e1ra az \u00e9p\u00fcletek bej\u00e1rata el\u0151tt \u00e9s az Infopark k\u00f6z\u00f6s ter\u00fcletein kihelyezett ker\u00e9kp\u00e1rt\u00e1rol\u00f3kat kell ig\u00e9nybe venni. Az \u00f6sszek\u00f6t\u0151- \u00e9s gyalogos utakat, a kij\u00e1ratokat, a t\u0171zolt\u00e1si felvonul\u00e1si ter\u00fcletet\/utat a le\u00e1ll\u00edtott j\u00e1rm\u0171vekkel vagy m\u00e1s t\u00e1rgyakkal eltorlaszolni tilos. A Parkban csak \u00fczemk\u00e9pes g\u00e9pj\u00e1rm\u0171 hagyhat\u00f3. Forgalmi rendsz\u00e1mmal nem rendelkez\u0151 j\u00e1rm\u0171vek le\u00e1ll\u00edt\u00e1sa a Parkban csak az \u00dczemeltet\u0151vel t\u00f6rt\u00e9n\u0151 el\u0151zetes meg\u00e1llapod\u00e1s alapj\u00e1n megengedett, ellenkez\u0151 esetben az \u00dczemeltet\u0151 jogosult azt elsz\u00e1ll\u00edtani. Az \u00dczemeltet\u0151 a vis maior eset\u00e9n a g\u00e9pj\u00e1rm\u0171veket elmozd\u00edthatja, illetve sz\u00fcks\u00e9g eset\u00e9n elsz\u00e1ll\u00edttathatja. Vis maiornak min\u0151s\u00fclnek a t\u0171zesetek, term\u00e9szeti katasztr\u00f3f\u00e1k, mer\u00e9nyletek \u00e9s terrorcselekm\u00e9nyek, ill. minden, emberi er\u0151vel el nem h\u00e1r\u00edthat\u00f3, el\u0151re nem l\u00e1that\u00f3 olyan esem\u00e9ny, amely mellett a szem\u00e9ly- \u00e9s vagyonbiztons\u00e1g biztos\u00edt\u00e1s\u00e1ra az \u00fczemeltet\u0151nek nincs lehet\u0151s\u00e9ge.<\/p>\n<\/div>\n<\/div><\/div><\/div><\/div><div id=\"pg-472-7\"  class=\"panel-grid panel-no-style\" ><div id=\"pgc-472-7-0\"  class=\"panel-grid-cell\" ><div id=\"panel-472-7-0-0\" class=\"so-panel widget widget_ndm-headings panel-first-child\" data-index=\"13\" ><div\n\t\t\t\n\t\t\tclass=\"so-widget-ndm-headings so-widget-ndm-headings-default-d75171398898-472\"\n\t\t\t\n\t\t><h2 class=\"ndm-heading text-start text-black mb-3\">Haszn\u00e1lati szab\u00e1lyok megs\u00e9rt\u00e9s\u00e9nek szankci\u00f3i<\/h2><\/div><\/div><div id=\"panel-472-7-0-1\" class=\"so-panel widget widget_sow-editor panel-last-child\" data-index=\"14\" ><div\n\t\t\t\n\t\t\tclass=\"so-widget-sow-editor so-widget-sow-editor-base\"\n\t\t\t\n\t\t>\n<div class=\"siteorigin-widget-tinymce textwidget\">\n\t<p>Ha a L\u00e1togat\u00f3k nem tartj\u00e1k be a Park haszn\u00e1lati \u00e9s parkol\u00e1si rendj\u00e9t, az \u00dczemeltet\u0151 jogosult korl\u00e1tozni a Parkban val\u00f3 tart\u00f3zkod\u00e1sukat, valamint kiutas\u00edtani \u0151ket.\u00a0<strong>A L\u00e1togat\u00f3k tudom\u00e1sul veszik, hogy az \u00dczemeltet\u0151 a g\u00e9pj\u00e1rm\u0171 \u00fczembentart\u00f3j\u00e1nak k\u00f6lts\u00e9g\u00e9re a tilosban parkol\u00f3 g\u00e9pj\u00e1rm\u0171vet elsz\u00e1ll\u00edttathatja, azzal szemben ker\u00e9kbilincset alkalmazhat<\/strong>.\u00a0<strong>Az \u00dczemeltet\u0151 a felmer\u00fcl\u0151 k\u00e1rainak \u00e9s egy\u00e9b k\u00f6lts\u00e9geinek megt\u00e9r\u00edt\u00e9s\u00e9ig a 2013. \u00e9vi V. t\u00f6rv\u00e9ny (a tov\u00e1bbiakban: \u201e<em>Ptk<\/em>.\u201d) 6:337. \u00a7-a szerinti t\u00f6rv\u00e9nyes z\u00e1logjog\u00e1val \u00e9lve visszatarthatja a g\u00e9pj\u00e1rm\u0171vet. \u00dczemeltet\u0151 t\u00e1j\u00e9koztat\u00e1sul r\u00f6gz\u00edti, hogy a tilosban parkol\u00e1s miatt sz\u00fcks\u00e9ges int\u00e9zked\u00e9sekb\u0151l ered\u0151 k\u00e1rainak \u00e9s k\u00f6lts\u00e9geinek \u00f6sszege legkevesebb 20.000 forint. \u00dczemeltet\u0151 felh\u00edvja a figyelmet arra, hogy a felmer\u00fcl\u0151 k\u00f6lts\u00e9gek \u00e9s k\u00e1rok \u00f6sszege ennek t\u00f6bbsz\u00f6r\u00f6se is lehet, amit minden esetben teljes \u00f6sszegben, marad\u00e9ktalanul jogosult \u00e9rv\u00e9nyes\u00edteni.<\/strong><\/p>\n<\/div>\n<\/div><\/div><\/div><\/div><div id=\"pg-472-8\"  class=\"panel-grid panel-no-style\" ><div id=\"pgc-472-8-0\"  class=\"panel-grid-cell\" ><div id=\"panel-472-8-0-0\" class=\"so-panel widget widget_ndm-headings panel-first-child\" data-index=\"15\" ><div\n\t\t\t\n\t\t\tclass=\"so-widget-ndm-headings so-widget-ndm-headings-default-d75171398898-472\"\n\t\t\t\n\t\t><h2 class=\"ndm-heading text-start text-black mb-3\">Tilosban parkol\u00f3 g\u00e9pj\u00e1rm\u0171vek elsz\u00e1ll\u00edt\u00e1sa, ker\u00e9kbilincs alkalmaz\u00e1sa<\/h2><\/div><\/div><div id=\"panel-472-8-0-1\" class=\"so-panel widget widget_sow-editor panel-last-child\" data-index=\"16\" ><div\n\t\t\t\n\t\t\tclass=\"so-widget-sow-editor so-widget-sow-editor-base\"\n\t\t\t\n\t\t>\n<div class=\"siteorigin-widget-tinymce textwidget\">\n\t<p>Az \u00dczemeltet\u0151 a tilosban parkol\u00f3 g\u00e9pj\u00e1rm\u0171vek elsz\u00e1ll\u00edt\u00e1s\u00e1nak, illetve ker\u00e9kbilincs alkalmaz\u00e1s\u00e1nak foganatos\u00edt\u00e1s\u00e1ra k\u00f6zrem\u0171k\u00f6d\u0151t vehet ig\u00e9nybe. A tilosban parkol\u00e1sb\u00f3l \u00e9s az elsz\u00e1ll\u00edt\u00e1sb\u00f3l, illetve ker\u00e9kbilincs alkalmaz\u00e1s\u00e1b\u00f3l ered\u0151 k\u00f6lts\u00e9gek megt\u00e9r\u00edt\u00e9se ut\u00e1n a g\u00e9pj\u00e1rm\u0171vet az \u00fczembentart\u00f3 \u00e1tveheti a k\u00f6zrem\u0171k\u00f6d\u0151t\u0151l, amit elsz\u00e1ll\u00edt\u00e1s eset\u00e9n a k\u00f6zrem\u0171k\u00f6d\u0151 telephely\u00e9n tehet meg. A k\u00f6lts\u00e9gek \u00e1tv\u00e9tel\u00e9re az \u00dczemeltet\u0151 \u00e1ltal megb\u00edzott k\u00f6zrem\u0171k\u00f6d\u0151 jogosult. Az int\u00e9zked\u00e9ssel \u00e9rintett g\u00e9pj\u00e1rm\u0171vek rendsz\u00e1ma, t\u00edpusa, az elsz\u00e1ll\u00edt\u00e1s ideje \u00e9s a t\u00e1rol\u00f3 hely c\u00edme, valamint telefonsz\u00e1ma az Infopark ter\u00fclet\u00e9n tal\u00e1lhat\u00f3 \u00e9p\u00fcletek port\u00e1in, valamint az elsz\u00e1ll\u00edtott g\u00e9pj\u00e1rm\u0171 hely\u00e9n kif\u00fcggesztve megismerhet\u0151ek. Az int\u00e9zked\u00e9ssel \u00e9rintett g\u00e9pj\u00e1rm\u0171r\u0151l, valamint az int\u00e9zked\u00e9s folyamat\u00e1r\u00f3l az \u00dczemeltet\u0151, valamint annak k\u00f6zrem\u0171k\u00f6d\u0151je f\u00e9nyk\u00e9p \u00e9s videofelv\u00e9telt k\u00e9sz\u00edthet, amit a felmer\u00fcl\u0151 ig\u00e9nyek \u00e9rv\u00e9nyes\u00edt\u00e9se \u00e9rdek\u00e9ben sz\u00fcks\u00e9ges ideig t\u00e1rolhat.<\/p>\n<\/div>\n<\/div><\/div><\/div><\/div><div id=\"pg-472-9\"  class=\"panel-grid panel-no-style\" ><div id=\"pgc-472-9-0\"  class=\"panel-grid-cell\" ><div id=\"panel-472-9-0-0\" class=\"so-panel widget widget_ndm-headings panel-first-child\" data-index=\"17\" ><div\n\t\t\t\n\t\t\tclass=\"so-widget-ndm-headings so-widget-ndm-headings-default-d75171398898-472\"\n\t\t\t\n\t\t><h2 class=\"ndm-heading text-start text-black mb-3\">Felel\u0151ss\u00e9g<\/h2><\/div><\/div><div id=\"panel-472-9-0-1\" class=\"so-panel widget widget_sow-editor panel-last-child\" data-index=\"18\" ><div\n\t\t\t\n\t\t\tclass=\"so-widget-sow-editor so-widget-sow-editor-base\"\n\t\t\t\n\t\t>\n<div class=\"siteorigin-widget-tinymce textwidget\">\n\t<p><strong>5.1.\u00a0\u00a0\u00a0 A L\u00e1togat\u00f3k saj\u00e1t felel\u0151ss\u00e9g\u00fckre haszn\u00e1lj\u00e1k a Parkot<br \/>\n<\/strong><strong>A<\/strong>\u00a0<strong>g\u00e9pj\u00e1rm\u0171vek \u0151rz\u00e9s\u00e9t az \u00dczemeltet\u0151 nem biztos\u00edtja, az azokban keletkezett k\u00e1rok\u00e9rt nem v\u00e1llal felel\u0151ss\u00e9get.<\/strong>\u00a0A g\u00e9pj\u00e1rm\u0171vekben az \u00fatviszonyokb\u00f3l ered\u0151 k\u00e1rok\u00e9rt az \u00dczemeltet\u0151 nem v\u00e1llal felel\u0151ss\u00e9get. Az \u00dczemeltet\u0151 nem felel a Parkban elhelyezett g\u00e9pj\u00e1rm\u0171vekben az id\u0151j\u00e1r\u00e1s (k\u00fcl\u00f6n\u00f6sen vihar, j\u00e9ges\u0151 vagy \u00e1rv\u00edz stb.) \u00e1ltal okozott, illetve a vis maiorb\u00f3l ered\u0151 k\u00e1rok\u00e9rt. Minden L\u00e1togat\u00f3 saj\u00e1t felel\u0151ss\u00e9g\u00e9re l\u00e9p be a Park ter\u00fclet\u00e9re. Tekintettel arra, hogy a L\u00e1togat\u00f3knak, illetve az oda bel\u00e9p\u0151knek a magatart\u00e1s\u00e1t az \u00dczemeltet\u0151 nem tudja befoly\u00e1solni, ez\u00e9rt az \u00dczemeltet\u0151 nem v\u00e1llal felel\u0151ss\u00e9get e szem\u00e9lyek magatart\u00e1s\u00e1\u00e9rt, a g\u00e9pj\u00e1rm\u0171 utas- \u00e9s csomagter\u00e9ben hagyott vagyont\u00e1rgyak\u00e9rt, valamint a m\u00e1s tulajdon\u00e1ban l\u00e9v\u0151 egy\u00e9b ing\u00f3s\u00e1gok\u00e9rt.<\/p>\n<p><strong>5.2.\u00a0\u00a0\u00a0 A L\u00e1togat\u00f3k felel\u0151ss\u00e9ge<br \/>\n<\/strong>A L\u00e1togat\u00f3k az \u00e1ltaluk a Parkban, illetve az ott tal\u00e1lhat\u00f3 \u00e9p\u00edtm\u00e9nyekben, t\u00e1rgyakban okozott k\u00e1rok\u00e9rt, rong\u00e1l\u00e1s\u00e9rt teljes felel\u0151ss\u00e9ggel tartoznak. A Parkban \u00e9rv\u00e9nyes haszn\u00e1lati \u00e9s parkol\u00e1si rend megszeg\u00e9s\u00e9vel okozott k\u00e1rt a L\u00e1togat\u00f3 k\u00f6teles megt\u00e9r\u00edteni.<\/p>\n<\/div>\n<\/div><\/div><\/div><\/div><div id=\"pg-472-10\"  class=\"panel-grid panel-no-style\" ><div id=\"pgc-472-10-0\"  class=\"panel-grid-cell\" ><div id=\"panel-472-10-0-0\" class=\"so-panel widget widget_ndm-headings panel-first-child\" data-index=\"19\" ><div\n\t\t\t\n\t\t\tclass=\"so-widget-ndm-headings so-widget-ndm-headings-default-d75171398898-472\"\n\t\t\t\n\t\t><h2 class=\"ndm-heading text-start text-black mb-3\">Z\u00e1r\u00f3 rendelkez\u00e9sek<\/h2><\/div><\/div><div id=\"panel-472-10-0-1\" class=\"so-panel widget widget_sow-editor panel-last-child\" data-index=\"20\" ><div\n\t\t\t\n\t\t\tclass=\"so-widget-sow-editor so-widget-sow-editor-base\"\n\t\t\t\n\t\t>\n<div class=\"siteorigin-widget-tinymce textwidget\">\n\t<p><strong>\u00c1SZF m\u00f3dos\u00edt\u00e1s\u00e1nak lehet\u0151s\u00e9ge<\/strong><\/p>\n<p>6.1.\u00a0\u00a0\u00a0 Az \u00dczemeltet\u0151 fenntartja mag\u00e1nak a jogot arra, hogy a jelen \u00c1SZF rendelkez\u00e9seit b\u00e1rmikor egyoldal\u00faan m\u00f3dos\u00edtsa, mely m\u00f3dos\u00edt\u00e1sok az azokban megjel\u00f6lt hat\u00e1llyal l\u00e9pnek \u00e9letbe, de legkor\u00e1bban az Inforpark ter\u00fclet\u00e9n t\u00f6rt\u00e9n\u0151 k\u00f6zz\u00e9t\u00e9tel\u00fck napj\u00e1val.<\/p>\n<p><strong>Alkalmazand\u00f3 jog<\/strong><\/p>\n<p>6.2.\u00a0\u00a0\u00a0 A Szerz\u0151d\u00e9sre, \u00edgy a feleket megillet\u0151 jogokra \u00e9s k\u00f6telezetts\u00e9gekre, a L\u00e1togat\u00f3kkal szemben alkalmazhat\u00f3 szerz\u0151d\u00e9sszeg\u00e9si k\u00f6vetkezm\u00e9nyekre \u00e9s biztos\u00edt\u00e9kokra a magyar jog, els\u0151sorban a Ptk. rendelkez\u00e9sei, azok k\u00f6z\u00fcl els\u0151dlegesen a b\u00e9rleti szerz\u0151d\u00e9sekre vonatkoz\u00f3 szab\u00e1lyok \u00e9rtelemszer\u0171en alkalmazand\u00f3ak azzal, hogy az \u00dczemeltet\u0151 a Park rendeltet\u00e9sszer\u0171 haszn\u00e1lhat\u00f3s\u00e1g\u00e1\u00e9rt szavatoss\u00e1got, felel\u0151ss\u00e9get nem v\u00e1llal, a Ptk. 6:332. \u00a7-a, 6:335. \u00a7 (1) \u00e9s (4) bekezd\u00e9s\u00e9ben \u00e9s 6:336. \u00a7-\u00e1ban tal\u00e1lhat\u00f3 k\u00f6lts\u00e9gvisel\u00e9si \u00e9s d\u00edjfizet\u00e9si szab\u00e1lyok nem alkalmazand\u00f3ak.<\/p>\n<p><strong>6.3.\u00a0\u00a0\u00a0 K\u00e9rd\u00e9sek eset\u00e9n<\/strong><\/p>\n<p>Az \u00c1SZF alkalmaz\u00e1s\u00e1val, valamint adatkezel\u00e9ssel kapcsolatos esetleges k\u00e9rd\u00e9seket a Park Management Kft. 1137 Budapest, Szent Istv\u00e1n park 14. 1. em. 3. sz. alatti c\u00edmre k\u00fcld\u00f6tt lev\u00e9l k\u00fcldem\u00e9nyben fogadja az \u00dczemeltet\u0151.<\/p>\n<\/div>\n<\/div><\/div><\/div><\/div><\/div>","protected":false},"excerpt":{"rendered":"<p>Az Infopark Budapest ter\u00fclete mag\u00e1nter\u00fclet. A l\u00e1togat\u00f3k behajt\u00e1ssal, bel\u00e9p\u00e9ssel elfogadj\u00e1k a park haszn\u00e1lat\u00e1nak rendj\u00e9t. A park&#8230;<\/p>\n","protected":false},"author":2,"featured_media":0,"parent":0,"menu_order":97,"comment_status":"closed","ping_status":"closed","template":"fullwidth.php","meta":{"footnotes":""},"class_list":["post-472","page","type-page","status-publish","hentry"],"_links":{"self":[{"href":"https:\/\/infopark.hu\/en\/wp-json\/wp\/v2\/pages\/472","targetHints":{"allow":["GET"]}}],"collection":[{"href":"https:\/\/infopark.hu\/en\/wp-json\/wp\/v2\/pages"}],"about":[{"href":"https:\/\/infopark.hu\/en\/wp-json\/wp\/v2\/types\/page"}],"author":[{"embeddable":true,"href":"https:\/\/infopark.hu\/en\/wp-json\/wp\/v2\/users\/2"}],"replies":[{"embeddable":true,"href":"https:\/\/infopark.hu\/en\/wp-json\/wp\/v2\/comments?post=472"}],"version-history":[{"count":2,"href":"https:\/\/infopark.hu\/en\/wp-json\/wp\/v2\/pages\/472\/revisions"}],"predecessor-version":[{"id":474,"href":"https:\/\/infopark.hu\/en\/wp-json\/wp\/v2\/pages\/472\/revisions\/474"}],"wp:attachment":[{"href":"https:\/\/infopark.hu\/en\/wp-json\/wp\/v2\/media?parent=472"}],"curies":[{"name":"wp","href":"https:\/\/api.w.org\/{rel}","templated":true}]}}